{"id":4951,"date":"2021-08-25T11:58:58","date_gmt":"2021-08-25T09:58:58","guid":{"rendered":"https:\/\/pabianice.misjonarze.pl\/?page_id=4951"},"modified":"2021-08-25T11:58:58","modified_gmt":"2021-08-25T09:58:58","slug":"bl-fryderyk-ozanam","status":"publish","type":"page","link":"https:\/\/pabianice.misjonarze.pl\/?page_id=4951","title":{"rendered":"B\u0142. Fryderyk Ozanam"},"content":{"rendered":"<p style=\"text-align: justify;\"><span style=\"font-family: arial, helvetica, sans-serif; font-size: 14pt;\"><a href=\"https:\/\/i0.wp.com\/pabianice.misjonarze.pl\/wp-content\/uploads\/ozanam04.png?ssl=1\" rel=\"lightbox[4951]\"><img data-recalc-dims=\"1\" loading=\"lazy\" decoding=\"async\" class=\"aligncenter size-medium wp-image-4952\" src=\"https:\/\/i0.wp.com\/pabianice.misjonarze.pl\/wp-content\/uploads\/ozanam04.png?resize=273%2C300&#038;ssl=1\" alt=\"\" width=\"273\" height=\"300\" srcset=\"https:\/\/i0.wp.com\/pabianice.misjonarze.pl\/wp-content\/uploads\/ozanam04.png?resize=273%2C300&amp;ssl=1 273w, https:\/\/i0.wp.com\/pabianice.misjonarze.pl\/wp-content\/uploads\/ozanam04.png?resize=137%2C150&amp;ssl=1 137w, https:\/\/i0.wp.com\/pabianice.misjonarze.pl\/wp-content\/uploads\/ozanam04.png?w=546&amp;ssl=1 546w\" sizes=\"auto, (max-width: 273px) 100vw, 273px\" \/><\/a>Fryderyk Ozanam urodzi\u0142 si\u0119 23 kwietnia 1813 r. w Mediolanie (W\u0142ochy) w rodzinie Jana Antoniego i Marii z domu Nantes. Ojciec by\u0142 lekarzem w Lyonie. W dziewi\u0105tym roku \u017cycia Fryderyk rozpocz\u0105\u0142 nauk\u0119 w lyo\u0144skim kolegium. Zaznajamianie si\u0119 z r\u00f3\u017cnymi kierunkami filozoficznymi przyczyni\u0142o si\u0119 do pewnego kryzysu \u015bwiatopogl\u0105dowego. Przezwyci\u0119\u017cy\u0142 go jednak pod zbawiennym wp\u0142ywem opata Nowrota.<\/span><\/p>\n<p style=\"text-align: justify;\"><span style=\"font-family: arial, helvetica, sans-serif; font-size: 14pt;\">W 1831 r. podj\u0105\u0142 studia uniwersyteckie w Pary\u017cu. Bole\u015bnie prze\u017cy\u0142 pierwszy kontakt ze \u015brodowiskiem oboj\u0119tnym religijnie. W\u00a0li\u015bcie do przyjaciela Falconneta pisa\u0142:\u00a0<em>Pary\u017c mi si\u0119 nie podoba. Nie ma tu prawdziwego \u017cycia, nie ma wiary ani mi\u0142o\u015bci. Wielkie miasto sprawia wra\u017cenie wymar\u0142ego. Jego ch\u0142\u00f3d i demoralizacja mrozi mnie i prawie zabija.<\/em>\u00a0Znalaz\u0142 wsparcie u Andrzeja Marii Ampera, uczonego o ojcowskim sercu. Wprowadzi\u0142 go do swego domu i w cz\u0119stych rozmowach przekonywa\u0142, \u017ce prawdziwa wiedza pozwala odkrywa\u0107 wielko\u015b\u0107 Boga.<\/span><\/p>\n<p style=\"text-align: justify;\"><span style=\"font-family: arial, helvetica, sans-serif; font-size: 14pt;\">Dzi\u0119ki temu Fryderyk przy\u0142\u0105czy\u0142 si\u0119 do grupy student\u00f3w, kt\u00f3rzy przeciwstawiali si\u0119 zgubnym wp\u0142ywom niekt\u00f3rych profesor\u00f3w otwarcie zwalczaj\u0105cych religi\u0119 katolick\u0105.<\/span><\/p>\n<p style=\"text-align: justify;\"><span style=\"font-family: arial, helvetica, sans-serif; font-size: 14pt;\">Wsp\u00f3lnie przekonali arcybiskupa Pary\u017ca Jacka Ludwika de Quelena do wznowienia kaza\u0144 apologetycznych w katedrze Notre-Dame.<\/span><\/p>\n<p style=\"text-align: justify;\"><span style=\"font-family: arial, helvetica, sans-serif; font-size: 14pt;\">Po rewolucyjnych zamieszkach 1830 r. Fryderyk nabra\u0142 przekonania, \u017ce odnowy \u017cycia religijnego nie mo\u017cna opiera\u0107 na pr\u00f3bach przywr\u00f3cenia dawnej w\u0142adzy. Trzeba zjednoczy\u0107 wszystkie si\u0142y dla zaprowadzenia sprawiedliwo\u015bci spo\u0142ecznej w\u00a0oparciu o\u00a0prawdziw\u0105 mi\u0142o\u015b\u0107 Boga i bli\u017aniego. Dla przywr\u00f3cenia wiarygodno\u015bci Ko\u015bcio\u0142owi katolickiemu nale\u017cy przeciwstawi\u0107 powszechnie lansowanemu antyklerykalizmowi kultur\u0119 humanistyczn\u0105 i autentyczne \u017cycie religijne. R\u00f3wnie wa\u017cne jest \u015bwiadczenie mi\u0142osierdzia chrze\u015bcija\u0144skiego, bo<em>\u00a0wiara bez uczynk\u00f3w jest martwa.<\/em><\/span><\/p>\n<p style=\"text-align: justify;\"><span style=\"font-family: arial, helvetica, sans-serif; font-size: 14pt;\">Dla urzeczywistniania tych zamierze\u0144 w 1833 r. w \u015brodowisku uniwersyteckim powsta\u0142o stowarzyszenie nazwane Konferencje \u015awi\u0119tego Wincentego a Paulo. Fryderyk nale\u017ca\u0142 do grona za\u0142o\u017cycieli i dzia\u0142a\u0142 w nim bardzo aktywnie. S\u0142ynne sta\u0142o si\u0119 jego powiedzenie:\u00a0<em>Chod\u017amy do ubogich, bo ich b\u0142ogos\u0142awie\u0144stwo jest b\u0142ogos\u0142awie\u0144stwem Boga!\u00a0<\/em>Stowarzyszenie w swej dzia\u0142alno\u015bci charytatywnej korzysta\u0142o z do\u015bwiadczenia i pomocy siostry mi\u0142osierdzia Rozalii Rendu, dzi\u015b r\u00f3wnie\u017c b\u0142ogos\u0142awionej.<\/span><\/p>\n<p style=\"text-align: justify;\"><span style=\"font-family: arial, helvetica, sans-serif; font-size: 14pt;\">W 1836 r., po uzyskaniu doktoratu z prawa, Fryderyk Ozanam wr\u00f3ci\u0142 do Lyonu. Tam prze\u017cy\u0142 \u015bmier\u0107 ojca (1837) i matki (1839). W 1841 r. na miejscowym uniwersytecie uzyska\u0142 doktorat z literatury i po egzaminie konkursowym otrzyma\u0142 nominacj\u0119 na profesora nadzwyczajnego na Sorbonie w Pary\u017cu.<\/span><\/p>\n<p style=\"text-align: justify;\"><span style=\"font-family: arial, helvetica, sans-serif; font-size: 14pt;\">W tym samym roku zawar\u0142 ma\u0142\u017ce\u0144stwo z\u00a0Ameli\u0105 Soulacroix, w kt\u00f3rym w 1845 r. przysz\u0142a na \u015bwiat c\u00f3rka Maria. Rok wcze\u015bniej zosta\u0142 profesorem zwyczajnym na Sorbonie. Jego wyk\u0142ady by\u0142y entuzjastycznie przyjmowane przez student\u00f3w. M\u00f3wiono, \u017ce\u00a0<em>przygotowywa\u0142 je jak benedyktyn i wyg\u0142asza\u0142 jak orator.<\/em><\/span><\/p>\n<p style=\"text-align: justify;\"><span style=\"font-family: arial, helvetica, sans-serif; font-size: 14pt;\">W tym okresie wiele czasu i si\u0142 po\u015bwi\u0119ca\u0142 pracy naukowej i\u00a0w\u00a01849 r. opublikowa\u0142 swoje g\u0142\u00f3wne dwutomowe dzie\u0142o \u201eLa civilisation au cinquieme si\u00e8cle\u201d.Na skutek pogarszaj\u0105cego si\u0119 stanu zdrowia, w 1852 r. Fryderyk Ozanam przerwa\u0142 wyk\u0142ady uniwersyteckie i wyjecha\u0142 do W\u0142och dla leczenia gru\u017alicy. Wkr\u00f3tce jednak pojawi\u0142a si\u0119 bardzo powa\u017cna choroba nerek. Postanowi\u0142 wr\u00f3ci\u0107 do Francji; a 8 wrze\u015bnia 1853 r. zmar\u0142 w Marsylii.<\/span><\/p>\n<p style=\"text-align: justify;\"><span style=\"font-family: arial, helvetica, sans-serif; font-size: 14pt;\">Jego \u017cycie by\u0142o ca\u0142kowicie oddane Panu Bogu. W trosce o\u00a0prawd\u0119 potrafi\u0142 jednak z pokor\u0105 zachowa\u0107 szacunek i\u00a0mi\u0142o\u015b\u0107 dla wszystkich, kt\u00f3rzy reprezentowali inne ni\u017c on pogl\u0105dy. W czterdziest\u0105 rocznic\u0119 urodzin, 23 kwietnia 1853 r., w pi\u0119knej modlitwie ca\u0142ego siebie ofiarowa\u0142 Bogu. Papie\u017c Jan Pawe\u0142 II podczas \u015bwiatowego Dnia M\u0142odzie\u017cy, 22\u00a0sierpnia 1997 r., zaliczy\u0142 Fryderyka Ozanama do grona b\u0142ogos\u0142awionych i wyznaczy\u0142 jego wspomnienie liturgiczne na 9 wrze\u015bnia.<\/span><\/p>\n<p><em>\u0179r\u00f3d\u0142o: Alberto Vernasci CM \u201eDziedzictwo\u201d WTKM<\/em><\/p>\n","protected":false},"excerpt":{"rendered":"<p>Fryderyk Ozanam urodzi\u0142 si\u0119 23 kwietnia 1813 r. w Mediolanie (W\u0142ochy) w rodzinie Jana Antoniego i Marii z domu Nantes. Ojciec by\u0142 lekarzem w Lyonie. W dziewi\u0105tym roku \u017cycia Fryderyk rozpocz\u0105\u0142 nauk\u0119 w lyo\u0144skim&#46;&#46;&#46;<\/p>\n","protected":false},"author":1,"featured_media":0,"parent":0,"menu_order":0,"comment_status":"closed","ping_status":"closed","template":"","meta":{"jetpack_post_was_ever_published":false,"footnotes":""},"class_list":["post-4951","page","type-page","status-publish","hentry"],"jetpack_sharing_enabled":true,"jetpack_shortlink":"https:\/\/wp.me\/PakDx7-1hR","_links":{"self":[{"href":"https:\/\/pabianice.misjonarze.pl\/index.php?rest_route=\/wp\/v2\/pages\/4951","targetHints":{"allow":["GET"]}}],"collection":[{"href":"https:\/\/pabianice.misjonarze.pl\/index.php?rest_route=\/wp\/v2\/pages"}],"about":[{"href":"https:\/\/pabianice.misjonarze.pl\/index.php?rest_route=\/wp\/v2\/types\/page"}],"author":[{"embeddable":true,"href":"https:\/\/pabianice.misjonarze.pl\/index.php?rest_route=\/wp\/v2\/users\/1"}],"replies":[{"embeddable":true,"href":"https:\/\/pabianice.misjonarze.pl\/index.php?rest_route=%2Fwp%2Fv2%2Fcomments&post=4951"}],"version-history":[{"count":1,"href":"https:\/\/pabianice.misjonarze.pl\/index.php?rest_route=\/wp\/v2\/pages\/4951\/revisions"}],"predecessor-version":[{"id":4953,"href":"https:\/\/pabianice.misjonarze.pl\/index.php?rest_route=\/wp\/v2\/pages\/4951\/revisions\/4953"}],"wp:attachment":[{"href":"https:\/\/pabianice.misjonarze.pl\/index.php?rest_route=%2Fwp%2Fv2%2Fmedia&parent=4951"}],"curies":[{"name":"wp","href":"https:\/\/api.w.org\/{rel}","templated":true}]}}